{"id":1400,"date":"2019-06-03T13:16:30","date_gmt":"2019-06-03T11:16:30","guid":{"rendered":"http:\/\/2019.walsergroup.com\/?page_id=1400"},"modified":"2019-06-03T16:06:05","modified_gmt":"2019-06-03T14:06:05","slug":"history","status":"publish","type":"page","link":"https:\/\/walsergroup.com\/en\/history\/","title":{"rendered":"History"},"content":{"rendered":"<div class=\"wpb-content-wrapper\"><p>[vc_row][vc_column][vc_column_text]\t\t\t<!-- Cool Timeline PRO V4.8.9 -->\r\n\t\t\t<div class=\"ctl-wrapper\" role=\"region\" aria-label=\"Timeline\">\r\n\t\t\t\t<div class=\"ctl-before-content\"><div class=\"timeline-main-title\"><h1>WALSER<\/h1><\/div><\/div>\t\t\t\t<div id=\"cool_timeline_1\" class=\"cool-timeline-wrapper ctl-both-sided ctl-vertical-wrapper ctl-default\" data-nav=\"show\" data-line-filling=\"false\" data-nav-pos=\"right\" data-nav-style=\"style-1\">\r\n\t\t\t\t\t<div class=\"ctl-start\"><\/div>\r\n\t\t\t\t\t<!-- Timeline Container -->\r\n\t\t\t\t\t<div class=\"ctl-timeline ctl-timeline-container\" data-animation=\"NO\" aria-live=\"polite\">\r\n\t\t\t\t\t\t<!-- Center Line -->\r\n\t\t\t\t\t\t<div class=\"ctl-inner-line\" role=\"presentation\"><\/div>\r\n\t\t\t\t\t\t<!-- Timeline Content --><div id=\"ctl-story-9201\" class=\"ctl-story ctl-story-dot-icon odd ctl-story-right\" data-story-index=\"1\" role=\"article\"><!-- Story IconDot --><div class=\"ctl-icondot\"><\/div> <!-- Story Arrow --><div class=\"ctl-arrow\"><\/div>\r\n\t\t\t<!-- Story Content --><div class=\"ctl-content\"><!-- Story Title --><div class=\"ctl-title story-9201\" aria-label=\"Country extension online shop\">Country extension online shop<\/div><!-- Story Media --><div class=\"ctl-media full\"><img loading=\"lazy\" decoding=\"async\" width=\"1024\" height=\"576\" src=\"https:\/\/walsergroup.com\/wp-content\/uploads\/2021\/10\/06-SHOP-Laender_IT_IR_flag-1024x576.jpg\" class=\"story-img wp-post-image\" alt=\"Country extension online shop\" srcset=\"https:\/\/walsergroup.com\/wp-content\/uploads\/2021\/10\/06-SHOP-Laender_IT_IR_flag-1024x576.jpg 1024w, https:\/\/walsergroup.com\/wp-content\/uploads\/2021\/10\/06-SHOP-Laender_IT_IR_flag-300x169.jpg 300w, https:\/\/walsergroup.com\/wp-content\/uploads\/2021\/10\/06-SHOP-Laender_IT_IR_flag-768x432.jpg 768w, https:\/\/walsergroup.com\/wp-content\/uploads\/2021\/10\/06-SHOP-Laender_IT_IR_flag-133x75.jpg 133w, https:\/\/walsergroup.com\/wp-content\/uploads\/2021\/10\/06-SHOP-Laender_IT_IR_flag-1200x675.jpg 1200w, https:\/\/walsergroup.com\/wp-content\/uploads\/2021\/10\/06-SHOP-Laender_IT_IR_flag-480x270.jpg 480w, https:\/\/walsergroup.com\/wp-content\/uploads\/2021\/10\/06-SHOP-Laender_IT_IR_flag.jpg 1267w\" sizes=\"(max-width:767px) 480px, (max-width:1024px) 100vw, 1024px\" \/><\/a><\/div><!-- Story Description --><div class=\"ctl-description\"><div class=\"wpb-content-wrapper\"><p>[vc_row][vc_column][vc_column_text]The country expansion of our Walser online shop is making great progress: Ireland and Italy are getting a Walser online shop in their respective national language.[\/vc_column_text][\/vc_column][\/vc_row]<\/p>\n<\/div><\/div><\/div><\/div><!-- Timeline Content --><div id=\"ctl-story-9202\" class=\"ctl-story ctl-story-dot-icon even ctl-story-left\" data-story-index=\"2\" role=\"article\"><!-- Story IconDot --><div class=\"ctl-icondot\"><\/div> <!-- Story Arrow --><div class=\"ctl-arrow\"><\/div>\r\n\t\t\t<!-- Story Content --><div class=\"ctl-content\"><!-- Story Title --><div class=\"ctl-title story-9202\" aria-label=\"Relaunch of Walser online shop plus productfinder\">Relaunch of Walser online shop plus productfinder<\/div><!-- Story Media --><div class=\"ctl-media full\"><img loading=\"lazy\" decoding=\"async\" width=\"1024\" height=\"683\" src=\"https:\/\/walsergroup.com\/wp-content\/uploads\/2021\/10\/05-SHOP-EN-relaunch-1024x683.jpg\" class=\"story-img wp-post-image\" alt=\"Relaunch of Walser online shop plus productfinder\" srcset=\"https:\/\/walsergroup.com\/wp-content\/uploads\/2021\/10\/05-SHOP-EN-relaunch-1024x683.jpg 1024w, https:\/\/walsergroup.com\/wp-content\/uploads\/2021\/10\/05-SHOP-EN-relaunch-300x200.jpg 300w, https:\/\/walsergroup.com\/wp-content\/uploads\/2021\/10\/05-SHOP-EN-relaunch-768x512.jpg 768w, https:\/\/walsergroup.com\/wp-content\/uploads\/2021\/10\/05-SHOP-EN-relaunch-1536x1024.jpg 1536w, https:\/\/walsergroup.com\/wp-content\/uploads\/2021\/10\/05-SHOP-EN-relaunch-113x75.jpg 113w, https:\/\/walsergroup.com\/wp-content\/uploads\/2021\/10\/05-SHOP-EN-relaunch.jpg 1650w\" sizes=\"(max-width:767px) 480px, (max-width:1024px) 100vw, 1024px\" \/><\/a><\/div><!-- Story Description --><div class=\"ctl-description\"><div class=\"wpb-content-wrapper\"><p>[vc_row][vc_column][vc_column_text]The Walser onlinestore not only receives a visual facelift, but also becomes more customer-friendly by adding the productfinder. In addition, the Austrian and French Walser shops go live.[\/vc_column_text][\/vc_column][\/vc_row]<\/p>\n<\/div><\/div><\/div><\/div><!-- Timeline Content --><div id=\"ctl-story-9203\" class=\"ctl-story ctl-story-dot-icon odd ctl-story-right\" data-story-index=\"3\" role=\"article\"><!-- Story IconDot --><div class=\"ctl-icondot\"><\/div> <!-- Story Arrow --><div class=\"ctl-arrow\"><\/div>\r\n\t\t\t<!-- Story Content --><div class=\"ctl-content\"><!-- Story Title --><div class=\"ctl-title story-9203\" aria-label=\"Implementation of the WMS knowledge management system &#8220;WIVIO&#8221; as an intranet\">Implementation of the WMS knowledge management system &#8220;WIVIO&#8221; as an intranet<\/div><!-- Story Media --><div class=\"ctl-media full\"><img loading=\"lazy\" decoding=\"async\" width=\"1024\" height=\"683\" src=\"https:\/\/walsergroup.com\/wp-content\/uploads\/2021\/10\/04-WBI-01-1024x683.jpg\" class=\"story-img wp-post-image\" alt=\"Implementation of the WMS knowledge management system &#8220;WIVIO&#8221; as an intranet\" srcset=\"https:\/\/walsergroup.com\/wp-content\/uploads\/2021\/10\/04-WBI-01-1024x683.jpg 1024w, https:\/\/walsergroup.com\/wp-content\/uploads\/2021\/10\/04-WBI-01-300x200.jpg 300w, https:\/\/walsergroup.com\/wp-content\/uploads\/2021\/10\/04-WBI-01-768x512.jpg 768w, https:\/\/walsergroup.com\/wp-content\/uploads\/2021\/10\/04-WBI-01-1536x1024.jpg 1536w, https:\/\/walsergroup.com\/wp-content\/uploads\/2021\/10\/04-WBI-01-2048x1366.jpg 2048w, https:\/\/walsergroup.com\/wp-content\/uploads\/2021\/10\/04-WBI-01-219x146.jpg 219w, https:\/\/walsergroup.com\/wp-content\/uploads\/2021\/10\/04-WBI-01-50x33.jpg 50w, https:\/\/walsergroup.com\/wp-content\/uploads\/2021\/10\/04-WBI-01-112x75.jpg 112w\" sizes=\"(max-width:767px) 480px, (max-width:1024px) 100vw, 1024px\" \/><\/a><\/div><\/div><\/div><!-- Timeline Content --><div id=\"ctl-story-9204\" class=\"ctl-story ctl-story-dot-icon even ctl-story-left\" data-story-index=\"4\" role=\"article\"><!-- Story IconDot --><div class=\"ctl-icondot\"><\/div> <!-- Story Arrow --><div class=\"ctl-arrow\"><\/div>\r\n\t\t\t<!-- Story Content --><div class=\"ctl-content\"><!-- Story Title --><div class=\"ctl-title story-9204\" aria-label=\"Start of the internationalisation process of the online shop\">Start of the internationalisation process of the online shop<\/div><!-- Story Media --><div class=\"ctl-media full\"><img loading=\"lazy\" decoding=\"async\" width=\"1024\" height=\"486\" src=\"https:\/\/walsergroup.com\/wp-content\/uploads\/2021\/10\/02-SHOP-CH___-1024x486.jpg\" class=\"story-img wp-post-image\" alt=\"Start of the internationalisation process of the online shop\" srcset=\"https:\/\/walsergroup.com\/wp-content\/uploads\/2021\/10\/02-SHOP-CH___-1024x486.jpg 1024w, https:\/\/walsergroup.com\/wp-content\/uploads\/2021\/10\/02-SHOP-CH___-300x142.jpg 300w, https:\/\/walsergroup.com\/wp-content\/uploads\/2021\/10\/02-SHOP-CH___-768x365.jpg 768w, https:\/\/walsergroup.com\/wp-content\/uploads\/2021\/10\/02-SHOP-CH___-260x123.jpg 260w, https:\/\/walsergroup.com\/wp-content\/uploads\/2021\/10\/02-SHOP-CH___-50x24.jpg 50w, https:\/\/walsergroup.com\/wp-content\/uploads\/2021\/10\/02-SHOP-CH___-150x71.jpg 150w, https:\/\/walsergroup.com\/wp-content\/uploads\/2021\/10\/02-SHOP-CH___.jpg 1243w\" sizes=\"(max-width:767px) 480px, (max-width:1024px) 100vw, 1024px\" \/><\/a><\/div><!-- Story Description --><div class=\"ctl-description\"><div class=\"wpb-content-wrapper\"><p>[vc_row][vc_column][vc_column_text]First of all the Walser online shop is expanded by a Swiss online shop.[\/vc_column_text][\/vc_column][\/vc_row]<\/p>\n<\/div><\/div><\/div><\/div><!-- Timeline Content --><div id=\"ctl-story-9205\" class=\"ctl-story ctl-story-dot-icon odd ctl-story-right\" data-story-index=\"5\" role=\"article\"><!-- Story IconDot --><div class=\"ctl-icondot\"><\/div> <!-- Story Arrow --><div class=\"ctl-arrow\"><\/div>\r\n\t\t\t<!-- Story Content --><div class=\"ctl-content\"><!-- Story Title --><div class=\"ctl-title story-9205\" aria-label=\"Starting point of our new PIM system &#8220;crossbase&#8221;\">Starting point of our new PIM system &#8220;crossbase&#8221;<\/div><!-- Story Media --><div class=\"ctl-media full\"><img loading=\"lazy\" decoding=\"async\" width=\"1024\" height=\"686\" src=\"https:\/\/walsergroup.com\/wp-content\/uploads\/2021\/10\/01-PIM-Crosbase-1024x686.png\" class=\"story-img wp-post-image\" alt=\"Starting point of our new PIM system &#8220;crossbase&#8221;\" srcset=\"https:\/\/walsergroup.com\/wp-content\/uploads\/2021\/10\/01-PIM-Crosbase-1024x686.png 1024w, https:\/\/walsergroup.com\/wp-content\/uploads\/2021\/10\/01-PIM-Crosbase-300x201.png 300w, https:\/\/walsergroup.com\/wp-content\/uploads\/2021\/10\/01-PIM-Crosbase-768x514.png 768w, https:\/\/walsergroup.com\/wp-content\/uploads\/2021\/10\/01-PIM-Crosbase-218x146.png 218w, https:\/\/walsergroup.com\/wp-content\/uploads\/2021\/10\/01-PIM-Crosbase-50x33.png 50w, https:\/\/walsergroup.com\/wp-content\/uploads\/2021\/10\/01-PIM-Crosbase-112x75.png 112w, https:\/\/walsergroup.com\/wp-content\/uploads\/2021\/10\/01-PIM-Crosbase.png 1442w\" sizes=\"(max-width:767px) 480px, (max-width:1024px) 100vw, 1024px\" \/><\/a><\/div><!-- Story Description --><div class=\"ctl-description\"><div class=\"wpb-content-wrapper\"><p>[vc_row][vc_column][vc_column_text][\/vc_column_text][\/vc_column][\/vc_row]<\/p>\n<\/div><\/div><\/div><\/div><!-- Timeline Content --><div id=\"ctl-story-1471\" class=\"ctl-story ctl-story-dot-icon even ctl-story-left\" data-story-index=\"6\" role=\"article\"><!-- Story IconDot --><div class=\"ctl-icondot\"><\/div> <!-- Story Arrow --><div class=\"ctl-arrow\"><\/div>\r\n\t\t\t<!-- Story Content --><div class=\"ctl-content\"><!-- Story Title --><div class=\"ctl-title story-1471\" aria-label=\"NEW LOGISTICS CENTRE, HAMBURG\">NEW LOGISTICS CENTRE, HAMBURG<\/div><!-- Story Media --><div class=\"ctl-media full\"><img loading=\"lazy\" decoding=\"async\" width=\"800\" height=\"450\" src=\"https:\/\/walsergroup.com\/wp-content\/uploads\/2019\/05\/walser-logistik-gallin.jpg\" class=\"story-img wp-post-image\" alt=\"NEW LOGISTICS CENTRE, HAMBURG\" srcset=\"https:\/\/walsergroup.com\/wp-content\/uploads\/2019\/05\/walser-logistik-gallin.jpg 800w, https:\/\/walsergroup.com\/wp-content\/uploads\/2019\/05\/walser-logistik-gallin-300x169.jpg 300w, https:\/\/walsergroup.com\/wp-content\/uploads\/2019\/05\/walser-logistik-gallin-768x432.jpg 768w, https:\/\/walsergroup.com\/wp-content\/uploads\/2019\/05\/walser-logistik-gallin-133x75.jpg 133w, https:\/\/walsergroup.com\/wp-content\/uploads\/2019\/05\/walser-logistik-gallin-480x270.jpg 480w\" sizes=\"(max-width:767px) 480px, (max-width:800px) 100vw, 800px\" \/><\/a><\/div><!-- Story Description --><div class=\"ctl-description\"><p>Takeover with subsequent optimization and reopening of the central logistics site in Gallin near Hamburg.<\/p>\n<\/div><\/div><\/div><!-- Timeline Content --><div id=\"ctl-story-1453\" class=\"ctl-story ctl-story-dot-icon odd ctl-story-right\" data-story-index=\"7\" role=\"article\"><!-- Story IconDot --><div class=\"ctl-icondot\"><\/div> <!-- Story Arrow --><div class=\"ctl-arrow\"><\/div>\r\n\t\t\t<!-- Story Content --><div class=\"ctl-content\"><!-- Story Title --><div class=\"ctl-title story-1453\" aria-label=\"WALSER ONLINESHOP\">WALSER ONLINESHOP<\/div><!-- Story Media --><div class=\"ctl-media full\"><img loading=\"lazy\" decoding=\"async\" width=\"800\" height=\"564\" src=\"https:\/\/walsergroup.com\/wp-content\/uploads\/2019\/05\/2008.png\" class=\"story-img wp-post-image\" alt=\"WALSER ONLINESHOP\" srcset=\"https:\/\/walsergroup.com\/wp-content\/uploads\/2019\/05\/2008.png 800w, https:\/\/walsergroup.com\/wp-content\/uploads\/2019\/05\/2008-300x212.png 300w, https:\/\/walsergroup.com\/wp-content\/uploads\/2019\/05\/2008-768x541.png 768w, https:\/\/walsergroup.com\/wp-content\/uploads\/2019\/05\/2008-106x75.png 106w, https:\/\/walsergroup.com\/wp-content\/uploads\/2019\/05\/2008-480x338.png 480w\" sizes=\"(max-width:767px) 480px, (max-width:800px) 100vw, 800px\" \/><\/a><\/div><!-- Story Description --><div class=\"ctl-description\"><p>Green light for the WALSER online shop and other e-commerce activities.<\/p>\n<\/div><\/div><\/div><!-- Timeline Content --><div id=\"ctl-story-1472\" class=\"ctl-story ctl-story-dot-icon even ctl-story-left\" data-story-index=\"8\" role=\"article\"><!-- Story IconDot --><div class=\"ctl-icondot\"><\/div> <!-- Story Arrow --><div class=\"ctl-arrow\"><\/div>\r\n\t\t\t<!-- Story Content --><div class=\"ctl-content\"><!-- Story Title --><div class=\"ctl-title story-1472\" aria-label=\"WALSER CHINA\">WALSER CHINA<\/div><!-- Story Media --><div class=\"ctl-media full\"><img loading=\"lazy\" decoding=\"async\" width=\"800\" height=\"317\" src=\"https:\/\/walsergroup.com\/wp-content\/uploads\/2019\/05\/walser-china.jpeg\" class=\"story-img wp-post-image\" alt=\"WALSER CHINA\" srcset=\"https:\/\/walsergroup.com\/wp-content\/uploads\/2019\/05\/walser-china.jpeg 800w, https:\/\/walsergroup.com\/wp-content\/uploads\/2019\/05\/walser-china-300x119.jpeg 300w, https:\/\/walsergroup.com\/wp-content\/uploads\/2019\/05\/walser-china-768x304.jpeg 768w, https:\/\/walsergroup.com\/wp-content\/uploads\/2019\/05\/walser-china-150x59.jpeg 150w, https:\/\/walsergroup.com\/wp-content\/uploads\/2019\/05\/walser-china-480x190.jpeg 480w\" sizes=\"(max-width:767px) 480px, (max-width:800px) 100vw, 800px\" \/><\/a><\/div><!-- Story Description --><div class=\"ctl-description\"><p>Office in Hangzhou opened to strengthen our presence in Asia. Up till now, many employees have been employed here.<\/p>\n<\/div><\/div><\/div><!-- Timeline Content --><div id=\"ctl-story-1473\" class=\"ctl-story ctl-story-dot-icon odd ctl-story-right ctl-no-media\" data-story-index=\"9\" role=\"article\"><!-- Story IconDot --><div class=\"ctl-icondot\"><\/div> <!-- Story Arrow --><div class=\"ctl-arrow\"><\/div>\r\n\t\t\t<!-- Story Content --><div class=\"ctl-content\"><!-- Story Title --><div class=\"ctl-title story-1473\" aria-label=\"EXPANSION IN LOGISTICS\">EXPANSION IN LOGISTICS<\/div><!-- Story Description --><div class=\"ctl-description\"><p>Due to the increasing order book, the logistics site in Hohenems is extended and expanded.<\/p>\n<\/div><\/div><\/div><!-- Timeline Content --><div id=\"ctl-story-1475\" class=\"ctl-story ctl-story-dot-icon even ctl-story-left\" data-story-index=\"10\" role=\"article\"><!-- Story IconDot --><div class=\"ctl-icondot\"><\/div> <!-- Story Arrow --><div class=\"ctl-arrow\"><\/div>\r\n\t\t\t<!-- Story Content --><div class=\"ctl-content\"><!-- Story Title --><div class=\"ctl-title story-1475\" aria-label=\"WALSER ASIA PACIFIC\">WALSER ASIA PACIFIC<\/div><!-- Story Media --><div class=\"ctl-media full\"><img loading=\"lazy\" decoding=\"async\" width=\"800\" height=\"210\" src=\"https:\/\/walsergroup.com\/wp-content\/uploads\/2019\/05\/walser-asia-pacific.jpeg\" class=\"story-img wp-post-image\" alt=\"WALSER ASIA PACIFIC\" srcset=\"https:\/\/walsergroup.com\/wp-content\/uploads\/2019\/05\/walser-asia-pacific.jpeg 800w, https:\/\/walsergroup.com\/wp-content\/uploads\/2019\/05\/walser-asia-pacific-300x79.jpeg 300w, https:\/\/walsergroup.com\/wp-content\/uploads\/2019\/05\/walser-asia-pacific-768x202.jpeg 768w, https:\/\/walsergroup.com\/wp-content\/uploads\/2019\/05\/walser-asia-pacific-150x39.jpeg 150w, https:\/\/walsergroup.com\/wp-content\/uploads\/2019\/05\/walser-asia-pacific-480x126.jpeg 480w\" sizes=\"(max-width:767px) 480px, (max-width:800px) 100vw, 800px\" \/><\/a><\/div><!-- Story Description --><div class=\"ctl-description\"><p>WALSER ASIA PACIFIC LTD is opened as the first international site.<\/p>\n<\/div><\/div><\/div><!-- Timeline Content --><div id=\"ctl-story-1474\" class=\"ctl-story ctl-story-dot-icon odd ctl-story-right\" data-story-index=\"11\" role=\"article\"><!-- Story IconDot --><div class=\"ctl-icondot\"><\/div> <!-- Story Arrow --><div class=\"ctl-arrow\"><\/div>\r\n\t\t\t<!-- Story Content --><div class=\"ctl-content\"><!-- Story Title --><div class=\"ctl-title story-1474\" aria-label=\"WALSER SWITZERLAND\">WALSER SWITZERLAND<\/div><!-- Story Media --><div class=\"ctl-media full\"><img loading=\"lazy\" decoding=\"async\" width=\"300\" height=\"225\" src=\"https:\/\/walsergroup.com\/wp-content\/uploads\/2019\/05\/1993-CH.jpg\" class=\"story-img wp-post-image\" alt=\"WALSER SWITZERLAND\" srcset=\"https:\/\/walsergroup.com\/wp-content\/uploads\/2019\/05\/1993-CH.jpg 300w, https:\/\/walsergroup.com\/wp-content\/uploads\/2019\/05\/1993-CH-100x75.jpg 100w\" sizes=\"(max-width:767px) 300px, 300px\" \/><\/a><\/div><!-- Story Description --><div class=\"ctl-description\"><p>In the same year, the WALSER INDUSTRIAL GROUP AG opens up in Switzerland and continues to serve as an important international location.<\/p>\n<\/div><\/div><\/div><!-- Timeline Content --><div id=\"ctl-story-1476\" class=\"ctl-story ctl-story-dot-icon even ctl-story-left\" data-story-index=\"12\" role=\"article\"><!-- Story IconDot --><div class=\"ctl-icondot\"><\/div> <!-- Story Arrow --><div class=\"ctl-arrow\"><\/div>\r\n\t\t\t<!-- Story Content --><div class=\"ctl-content\"><!-- Story Title --><div class=\"ctl-title story-1476\" aria-label=\"NEW HEADQUARTER, HOHENEMS\">NEW HEADQUARTER, HOHENEMS<\/div><!-- Story Media --><div class=\"ctl-media full\"><img loading=\"lazy\" decoding=\"async\" width=\"800\" height=\"647\" src=\"https:\/\/walsergroup.com\/wp-content\/uploads\/2019\/05\/walser-hauptsitz.jpg\" class=\"story-img wp-post-image\" alt=\"NEW HEADQUARTER, HOHENEMS\" srcset=\"https:\/\/walsergroup.com\/wp-content\/uploads\/2019\/05\/walser-hauptsitz.jpg 800w, https:\/\/walsergroup.com\/wp-content\/uploads\/2019\/05\/walser-hauptsitz-300x243.jpg 300w, https:\/\/walsergroup.com\/wp-content\/uploads\/2019\/05\/walser-hauptsitz-768x621.jpg 768w, https:\/\/walsergroup.com\/wp-content\/uploads\/2019\/05\/walser-hauptsitz-93x75.jpg 93w, https:\/\/walsergroup.com\/wp-content\/uploads\/2019\/05\/walser-hauptsitz-480x388.jpg 480w\" sizes=\"(max-width:767px) 480px, (max-width:800px) 100vw, 800px\" \/><\/a><\/div><!-- Story Description --><div class=\"ctl-description\"><p>The new headquarter of WALSER GmbH is constructed in Hohenems, Austria.<\/p>\n<\/div><\/div><\/div><!-- Timeline Content --><div id=\"ctl-story-1477\" class=\"ctl-story ctl-story-dot-icon odd ctl-story-right\" data-story-index=\"13\" role=\"article\"><!-- Story IconDot --><div class=\"ctl-icondot\"><\/div> <!-- Story Arrow --><div class=\"ctl-arrow\"><\/div>\r\n\t\t\t<!-- Story Content --><div class=\"ctl-content\"><!-- Story Title --><div class=\"ctl-title story-1477\" aria-label=\"THE FIRST CAR SEAT COVERS\">THE FIRST CAR SEAT COVERS<\/div><!-- Story Media --><div class=\"ctl-media full\"><img loading=\"lazy\" decoding=\"async\" width=\"300\" height=\"224\" src=\"https:\/\/walsergroup.com\/wp-content\/uploads\/2019\/05\/1979.jpg\" class=\"story-img wp-post-image\" alt=\"THE FIRST CAR SEAT COVERS\" srcset=\"https:\/\/walsergroup.com\/wp-content\/uploads\/2019\/05\/1979.jpg 300w, https:\/\/walsergroup.com\/wp-content\/uploads\/2019\/05\/1979-100x75.jpg 100w\" sizes=\"(max-width:767px) 300px, 300px\" \/><\/a><\/div><!-- Story Description --><div class=\"ctl-description\"><p>The first sewing shop for seat covers and textile car interiors starts up in Hohenems.<\/p>\n<\/div><\/div><\/div><!-- Timeline Content --><div id=\"ctl-story-1478\" class=\"ctl-story ctl-story-dot-icon even ctl-story-left\" data-story-index=\"14\" role=\"article\"><!-- Story IconDot --><div class=\"ctl-icondot\"><\/div> <!-- Story Arrow --><div class=\"ctl-arrow\"><\/div>\r\n\t\t\t<!-- Story Content --><div class=\"ctl-content\"><!-- Story Title --><div class=\"ctl-title story-1478\" aria-label=\"FOUNDING OF WALSER GMBH\">FOUNDING OF WALSER GMBH<\/div><!-- Story Media --><div class=\"ctl-media full\"><img loading=\"lazy\" decoding=\"async\" width=\"800\" height=\"307\" src=\"https:\/\/walsergroup.com\/wp-content\/uploads\/2019\/05\/walser-logo.jpg\" class=\"story-img wp-post-image\" alt=\"FOUNDING OF WALSER GMBH\" srcset=\"https:\/\/walsergroup.com\/wp-content\/uploads\/2019\/05\/walser-logo.jpg 800w, https:\/\/walsergroup.com\/wp-content\/uploads\/2019\/05\/walser-logo-300x115.jpg 300w, https:\/\/walsergroup.com\/wp-content\/uploads\/2019\/05\/walser-logo-768x295.jpg 768w, https:\/\/walsergroup.com\/wp-content\/uploads\/2019\/05\/walser-logo-150x58.jpg 150w, https:\/\/walsergroup.com\/wp-content\/uploads\/2019\/05\/walser-logo-480x184.jpg 480w\" sizes=\"(max-width:767px) 480px, (max-width:800px) 100vw, 800px\" \/><\/a><\/div><!-- Story Description --><div class=\"ctl-description\"><p>Hans-Karl Walser joins the company and forms the WALSER GmbH company. He broadens the product range with decorative hides, which are used to manufacture the first car seat covers for the distribution outlets of brands such as VW, Audi and BMW.<\/p>\n<\/div><\/div><\/div><!-- Timeline Content --><div id=\"ctl-story-1479\" class=\"ctl-story ctl-story-dot-icon odd ctl-story-right\" data-story-index=\"15\" role=\"article\"><!-- Story IconDot --><div class=\"ctl-icondot\"><\/div> <!-- Story Arrow --><div class=\"ctl-arrow\"><\/div>\r\n\t\t\t<!-- Story Content --><div class=\"ctl-content\"><!-- Story Title --><div class=\"ctl-title story-1479\" aria-label=\"DEVELOPMENT OF THE COMPANY\">DEVELOPMENT OF THE COMPANY<\/div><!-- Story Media --><div class=\"ctl-media full\"><img loading=\"lazy\" decoding=\"async\" width=\"635\" height=\"426\" src=\"https:\/\/walsergroup.com\/wp-content\/uploads\/2019\/05\/1950.jpg\" class=\"story-img wp-post-image\" alt=\"DEVELOPMENT OF THE COMPANY\" srcset=\"https:\/\/walsergroup.com\/wp-content\/uploads\/2019\/05\/1950.jpg 635w, https:\/\/walsergroup.com\/wp-content\/uploads\/2019\/05\/1950-300x201.jpg 300w, https:\/\/walsergroup.com\/wp-content\/uploads\/2019\/05\/1950-112x75.jpg 112w, https:\/\/walsergroup.com\/wp-content\/uploads\/2019\/05\/1950-480x322.jpg 480w\" sizes=\"(max-width:767px) 480px, 635px\" \/><\/a><\/div><!-- Story Description --><div class=\"ctl-description\"><p>With previous business structures a casualty of World War II, Karl Walser had to rebuild the company. He was known throughout the country as a specialist in leather clothing and upholstery.<\/p>\n<\/div><\/div><\/div>\t\t\t\t\t<\/div>\r\n\t\t\t\t\t<div class=\"ctl-end\"><\/div>\r\n\t\t\t\t\t<nav class=\"ctl-pagination\" aria-label=\"Timeline Navigation\"><span class=\"page-numbers ctl-page-num\" role=\"status\"> Page 1 of 2<\/span> <span aria-current=\"page\" class=\"page-numbers current\">1<\/span>\n<a class=\"page-numbers\" href=\"https:\/\/walsergroup.com\/en\/wp-json\/wp\/v2\/pages\/1400\/page\/2\/\">2<\/a>\n<a class=\"next page-numbers\" href=\"https:\/\/walsergroup.com\/en\/wp-json\/wp\/v2\/pages\/1400\/page\/2\/\"><svg xmlns=\"http:\/\/www.w3.org\/2000\/svg\" height=\"1em\" viewBox=\"0 0 448 512\">\r\n\t\t\t\t<path d=\"M224.3 273l-136 136c-9.4 9.4-24.6 9.4-33.9 0l-22.6-22.6c-9.4-9.4-9.4-24.6 0-33.9l96.4-96.4-96.4-96.4c-9.4-9.4-9.4-24.6 0-33.9L54.3 103c9.4-9.4 24.6-9.4 33.9 0l136 136c9.5 9.4 9.5 24.6.1 34zm192-34l-136-136c-9.4-9.4-24.6-9.4-33.9 0l-22.6 22.6c-9.4 9.4-9.4 24.6 0 33.9l96.4 96.4-96.4 96.4c-9.4 9.4-9.4 24.6 0 33.9l22.6 22.6c9.4 9.4 24.6 9.4 33.9 0l136-136c9.4-9.2 9.4-24.4 0-33.8z\"\/>\r\n\t\t\t\t<\/svg><\/a><\/nav>\t\t\t\t<\/div>\r\n\t\t\t<\/div>\r\n\t\t\t[\/vc_column_text][\/vc_column][\/vc_row]<\/p>\n<\/div>","protected":false},"excerpt":{"rendered":"<p><span class=\"excerpt-hellip\"> [\u2026]<\/span><\/p>\n","protected":false},"author":1,"featured_media":0,"parent":0,"menu_order":0,"comment_status":"closed","ping_status":"closed","template":"","meta":{"inline_featured_image":false,"footnotes":""},"class_list":["post-1400","page","type-page","status-publish","hentry"],"yoast_head":"<!-- This site is optimized with the Yoast SEO plugin v24.3 - https:\/\/yoast.com\/wordpress\/plugins\/seo\/ -->\n<title>History - WALSER - Ihr Spezialist f\u00fcr automotive Innenausstattung<\/title>\n<meta name=\"robots\" content=\"index, follow, max-snippet:-1, max-image-preview:large, max-video-preview:-1\" \/>\n<link rel=\"canonical\" href=\"https:\/\/walsergroup.com\/en\/history\/\" \/>\n<meta property=\"og:locale\" content=\"en_US\" \/>\n<meta property=\"og:type\" content=\"article\" \/>\n<meta property=\"og:title\" content=\"History - WALSER - Ihr Spezialist f\u00fcr automotive Innenausstattung\" \/>\n<meta property=\"og:description\" content=\"[\u2026]\" \/>\n<meta property=\"og:url\" content=\"https:\/\/walsergroup.com\/en\/history\/\" \/>\n<meta property=\"og:site_name\" content=\"WALSER - Ihr Spezialist f\u00fcr automotive Innenausstattung\" \/>\n<meta property=\"article:modified_time\" content=\"2019-06-03T14:06:05+00:00\" \/>\n<meta name=\"twitter:card\" content=\"summary_large_image\" \/>\n<script type=\"application\/ld+json\" class=\"yoast-schema-graph\">{\"@context\":\"https:\/\/schema.org\",\"@graph\":[{\"@type\":\"WebPage\",\"@id\":\"https:\/\/walsergroup.com\/en\/history\/\",\"url\":\"https:\/\/walsergroup.com\/en\/history\/\",\"name\":\"History - WALSER - Ihr Spezialist f\u00fcr automotive Innenausstattung\",\"isPartOf\":{\"@id\":\"https:\/\/walsergroup.com\/en\/#website\"},\"datePublished\":\"2019-06-03T11:16:30+00:00\",\"dateModified\":\"2019-06-03T14:06:05+00:00\",\"breadcrumb\":{\"@id\":\"https:\/\/walsergroup.com\/en\/history\/#breadcrumb\"},\"inLanguage\":\"en-US\",\"potentialAction\":[{\"@type\":\"ReadAction\",\"target\":[\"https:\/\/walsergroup.com\/en\/history\/\"]}]},{\"@type\":\"BreadcrumbList\",\"@id\":\"https:\/\/walsergroup.com\/en\/history\/#breadcrumb\",\"itemListElement\":[{\"@type\":\"ListItem\",\"position\":1,\"name\":\"Startseite\",\"item\":\"https:\/\/walsergroup.com\/en\/\"},{\"@type\":\"ListItem\",\"position\":2,\"name\":\"History\"}]},{\"@type\":\"WebSite\",\"@id\":\"https:\/\/walsergroup.com\/en\/#website\",\"url\":\"https:\/\/walsergroup.com\/en\/\",\"name\":\"WALSER - Ihr Spezialist f\u00fcr automotive Innenausstattung\",\"description\":\"Die WALSER GmbH produziert und vertreibt seit 1977 hochwertige Artikel im Bereich Autozubeh\u00f6r, ... Heute geh\u00f6rt Walser zu den Marktf\u00fchrern der Branche.\",\"publisher\":{\"@id\":\"https:\/\/walsergroup.com\/en\/#organization\"},\"potentialAction\":[{\"@type\":\"SearchAction\",\"target\":{\"@type\":\"EntryPoint\",\"urlTemplate\":\"https:\/\/walsergroup.com\/en\/?s={search_term_string}\"},\"query-input\":{\"@type\":\"PropertyValueSpecification\",\"valueRequired\":true,\"valueName\":\"search_term_string\"}}],\"inLanguage\":\"en-US\"},{\"@type\":\"Organization\",\"@id\":\"https:\/\/walsergroup.com\/en\/#organization\",\"name\":\"WALSER - Ihr Spezialist f\u00fcr automotive Innenausstattung\",\"url\":\"https:\/\/walsergroup.com\/en\/\",\"logo\":{\"@type\":\"ImageObject\",\"inLanguage\":\"en-US\",\"@id\":\"https:\/\/walsergroup.com\/en\/#\/schema\/logo\/image\/\",\"url\":\"https:\/\/walsergroup.com\/wp-content\/uploads\/2021\/06\/cropped-WALSER-Logo-DE-01-retina-1.png\",\"contentUrl\":\"https:\/\/walsergroup.com\/wp-content\/uploads\/2021\/06\/cropped-WALSER-Logo-DE-01-retina-1.png\",\"width\":466,\"height\":200,\"caption\":\"WALSER - Ihr Spezialist f\u00fcr automotive Innenausstattung\"},\"image\":{\"@id\":\"https:\/\/walsergroup.com\/en\/#\/schema\/logo\/image\/\"}}]}<\/script>\n<!-- \/ Yoast SEO plugin. -->","yoast_head_json":{"title":"History - WALSER - Ihr Spezialist f\u00fcr automotive Innenausstattung","robots":{"index":"index","follow":"follow","max-snippet":"max-snippet:-1","max-image-preview":"max-image-preview:large","max-video-preview":"max-video-preview:-1"},"canonical":"https:\/\/walsergroup.com\/en\/history\/","og_locale":"en_US","og_type":"article","og_title":"History - WALSER - Ihr Spezialist f\u00fcr automotive Innenausstattung","og_description":"[\u2026]","og_url":"https:\/\/walsergroup.com\/en\/history\/","og_site_name":"WALSER - Ihr Spezialist f\u00fcr automotive Innenausstattung","article_modified_time":"2019-06-03T14:06:05+00:00","twitter_card":"summary_large_image","schema":{"@context":"https:\/\/schema.org","@graph":[{"@type":"WebPage","@id":"https:\/\/walsergroup.com\/en\/history\/","url":"https:\/\/walsergroup.com\/en\/history\/","name":"History - WALSER - Ihr Spezialist f\u00fcr automotive Innenausstattung","isPartOf":{"@id":"https:\/\/walsergroup.com\/en\/#website"},"datePublished":"2019-06-03T11:16:30+00:00","dateModified":"2019-06-03T14:06:05+00:00","breadcrumb":{"@id":"https:\/\/walsergroup.com\/en\/history\/#breadcrumb"},"inLanguage":"en-US","potentialAction":[{"@type":"ReadAction","target":["https:\/\/walsergroup.com\/en\/history\/"]}]},{"@type":"BreadcrumbList","@id":"https:\/\/walsergroup.com\/en\/history\/#breadcrumb","itemListElement":[{"@type":"ListItem","position":1,"name":"Startseite","item":"https:\/\/walsergroup.com\/en\/"},{"@type":"ListItem","position":2,"name":"History"}]},{"@type":"WebSite","@id":"https:\/\/walsergroup.com\/en\/#website","url":"https:\/\/walsergroup.com\/en\/","name":"WALSER - Ihr Spezialist f\u00fcr automotive Innenausstattung","description":"Die WALSER GmbH produziert und vertreibt seit 1977 hochwertige Artikel im Bereich Autozubeh\u00f6r, ... Heute geh\u00f6rt Walser zu den Marktf\u00fchrern der Branche.","publisher":{"@id":"https:\/\/walsergroup.com\/en\/#organization"},"potentialAction":[{"@type":"SearchAction","target":{"@type":"EntryPoint","urlTemplate":"https:\/\/walsergroup.com\/en\/?s={search_term_string}"},"query-input":{"@type":"PropertyValueSpecification","valueRequired":true,"valueName":"search_term_string"}}],"inLanguage":"en-US"},{"@type":"Organization","@id":"https:\/\/walsergroup.com\/en\/#organization","name":"WALSER - Ihr Spezialist f\u00fcr automotive Innenausstattung","url":"https:\/\/walsergroup.com\/en\/","logo":{"@type":"ImageObject","inLanguage":"en-US","@id":"https:\/\/walsergroup.com\/en\/#\/schema\/logo\/image\/","url":"https:\/\/walsergroup.com\/wp-content\/uploads\/2021\/06\/cropped-WALSER-Logo-DE-01-retina-1.png","contentUrl":"https:\/\/walsergroup.com\/wp-content\/uploads\/2021\/06\/cropped-WALSER-Logo-DE-01-retina-1.png","width":466,"height":200,"caption":"WALSER - Ihr Spezialist f\u00fcr automotive Innenausstattung"},"image":{"@id":"https:\/\/walsergroup.com\/en\/#\/schema\/logo\/image\/"}}]}},"_links":{"self":[{"href":"https:\/\/walsergroup.com\/en\/wp-json\/wp\/v2\/pages\/1400"}],"collection":[{"href":"https:\/\/walsergroup.com\/en\/wp-json\/wp\/v2\/pages"}],"about":[{"href":"https:\/\/walsergroup.com\/en\/wp-json\/wp\/v2\/types\/page"}],"author":[{"embeddable":true,"href":"https:\/\/walsergroup.com\/en\/wp-json\/wp\/v2\/users\/1"}],"replies":[{"embeddable":true,"href":"https:\/\/walsergroup.com\/en\/wp-json\/wp\/v2\/comments?post=1400"}],"version-history":[{"count":0,"href":"https:\/\/walsergroup.com\/en\/wp-json\/wp\/v2\/pages\/1400\/revisions"}],"wp:attachment":[{"href":"https:\/\/walsergroup.com\/en\/wp-json\/wp\/v2\/media?parent=1400"}],"curies":[{"name":"wp","href":"https:\/\/api.w.org\/{rel}","templated":true}]}}